{"id":3661,"date":"2017-07-13T11:27:27","date_gmt":"2017-07-13T09:27:27","guid":{"rendered":"https:\/\/wiltell.ch\/the-news\/"},"modified":"2023-03-06T10:20:42","modified_gmt":"2023-03-06T09:20:42","slug":"the-news","status":"publish","type":"page","link":"https:\/\/wiltell.ch\/en\/the-news\/","title":{"rendered":"THE NEWS"},"content":{"rendered":"<p>[et_pb_section fb_built=&#8221;1&#8243; _builder_version=&#8221;4.16&#8243; global_colors_info=&#8221;{}&#8221;][et_pb_row _builder_version=&#8221;4.16&#8243; background_size=&#8221;initial&#8221; background_position=&#8221;top_left&#8221; background_repeat=&#8221;repeat&#8221; width=&#8221;82.9%&#8221; module_alignment=&#8221;center&#8221; min_height=&#8221;101px&#8221; custom_margin=&#8221;|203px||203px||true&#8221; custom_padding=&#8221;|0px||7px||&#8221; link_option_url=&#8221;https:\/\/www.europastar.com\/watch-gallery\/1004091593-wiltell-wt-1-221.html&#8221; link_option_url_new_window=&#8221;on&#8221; global_colors_info=&#8221;{}&#8221;][et_pb_column type=&#8221;4_4&#8243; _builder_version=&#8221;4.16&#8243; custom_padding=&#8221;|||&#8221; global_colors_info=&#8221;{}&#8221; custom_padding__hover=&#8221;|||&#8221;][et_pb_text _builder_version=&#8221;4.16&#8243; _module_preset=&#8221;default&#8221; link_option_url=&#8221;http:\/\/www.tempusfugit.watch\/2019\/12\/wiltell.html&#8221; link_option_url_new_window=&#8221;on&#8221; global_colors_info=&#8221;{}&#8221;]<\/p>\n<h1 style=\"text-align: center;\">NEWSPAPER<\/h1>\n<p>[\/et_pb_text][\/et_pb_column][\/et_pb_row][et_pb_row column_structure=&#8221;1_3,2_3&#8243; _builder_version=&#8221;4.16&#8243; background_size=&#8221;initial&#8221; background_position=&#8221;top_left&#8221; background_repeat=&#8221;repeat&#8221; width=&#8221;82.9%&#8221; module_alignment=&#8221;center&#8221; min_height=&#8221;201px&#8221; custom_margin=&#8221;|203px||203px||true&#8221; custom_padding=&#8221;|0px||7px||&#8221; link_option_url=&#8221;https:\/\/wiltell.ch\/wp-content\/uploads\/2022\/03\/PAGE-BULCOM-DEF-scaled.jpg&#8221; link_option_url_new_window=&#8221;on&#8221; global_colors_info=&#8221;{}&#8221;][et_pb_column type=&#8221;1_3&#8243; _builder_version=&#8221;4.16&#8243; custom_padding=&#8221;|||&#8221; global_colors_info=&#8221;{}&#8221; custom_padding__hover=&#8221;|||&#8221;][et_pb_image src=&#8221;https:\/\/wiltell.ch\/wp-content\/uploads\/2022\/03\/image.png&#8221; alt=&#8221;Preview model WT-1-221&#8243; title_text=&#8221;image&#8221; align=&#8221;center&#8221; _builder_version=&#8221;4.16&#8243; _module_preset=&#8221;default&#8221; max_height=&#8221;215px&#8221; global_colors_info=&#8221;{}&#8221;][\/et_pb_image][\/et_pb_column][et_pb_column type=&#8221;2_3&#8243; _builder_version=&#8221;4.16&#8243; custom_padding=&#8221;|||&#8221; global_colors_info=&#8221;{}&#8221; custom_padding__hover=&#8221;|||&#8221;][et_pb_text _builder_version=&#8221;4.16&#8243; _module_preset=&#8221;default&#8221; link_option_url_new_window=&#8221;on&#8221; global_colors_info=&#8221;{}&#8221;]<\/p>\n<p><span>6 NOVEMBRE 2020<\/span><\/p>\n<h5><strong>BULCOM Wiltell S\u00e0rl horlogerie<\/strong><\/h5>\n<p><span>Article paru dans le Bulletin des Communes du district de Neuch\u00e2tel<\/span><\/p>\n<p><span style=\"color: #ff0000;\">En savoir plus<\/span><\/p>\n<p>[\/et_pb_text][\/et_pb_column][\/et_pb_row][et_pb_row column_structure=&#8221;1_3,2_3&#8243; _builder_version=&#8221;4.16&#8243; background_size=&#8221;initial&#8221; background_position=&#8221;top_left&#8221; background_repeat=&#8221;repeat&#8221; width=&#8221;82.9%&#8221; module_alignment=&#8221;center&#8221; min_height=&#8221;201px&#8221; custom_margin=&#8221;|203px||203px||true&#8221; custom_padding=&#8221;|0px||7px||&#8221; link_option_url=&#8221;https:\/\/www.europastar.com\/watch-gallery\/1004091593-wiltell-wt-1-221.html&#8221; link_option_url_new_window=&#8221;on&#8221; global_colors_info=&#8221;{}&#8221;][et_pb_column type=&#8221;1_3&#8243; _builder_version=&#8221;4.16&#8243; custom_padding=&#8221;|||&#8221; global_colors_info=&#8221;{}&#8221; custom_padding__hover=&#8221;|||&#8221;][et_pb_image src=&#8221;https:\/\/wiltell.ch\/wp-content\/uploads\/2020\/07\/preview_WT-1-221-2.jpg&#8221; alt=&#8221;Preview model WT-1-221&#8243; title_text=&#8221;preview_WT-1-221-2&#8243; _builder_version=&#8221;4.16&#8243; _module_preset=&#8221;default&#8221; max_height=&#8221;215px&#8221; global_colors_info=&#8221;{}&#8221;][\/et_pb_image][\/et_pb_column][et_pb_column type=&#8221;2_3&#8243; _builder_version=&#8221;4.16&#8243; custom_padding=&#8221;|||&#8221; global_colors_info=&#8221;{}&#8221; custom_padding__hover=&#8221;|||&#8221;][et_pb_text _builder_version=&#8221;4.16&#8243; _module_preset=&#8221;default&#8221; link_option_url_new_window=&#8221;on&#8221; global_colors_info=&#8221;{}&#8221;]<\/p>\n<p>D\u00c9CEMBRE 2019<\/p>\n<h5><strong>Europa Star &#8211;\u00a0WilTell WT-1-221<\/strong><\/h5>\n<p>Article paru sur le site Europa Star<\/p>\n<p><span style=\"color: #ff0000;\">En savoir plus<\/span><\/p>\n<p>[\/et_pb_text][\/et_pb_column][\/et_pb_row][et_pb_row column_structure=&#8221;1_3,2_3&#8243; _builder_version=&#8221;4.16&#8243; background_size=&#8221;initial&#8221; background_position=&#8221;top_left&#8221; background_repeat=&#8221;repeat&#8221; width=&#8221;82.9%&#8221; module_alignment=&#8221;center&#8221; min_height=&#8221;201px&#8221; custom_margin=&#8221;|203px||203px||true&#8221; custom_padding=&#8221;|0px||7px||&#8221; link_option_url=&#8221;http:\/\/www.tempusfugit.watch\/2019\/12\/wiltell.html&#8221; link_option_url_new_window=&#8221;on&#8221; global_colors_info=&#8221;{}&#8221;][et_pb_column type=&#8221;1_3&#8243; _builder_version=&#8221;4.16&#8243; custom_padding=&#8221;|||&#8221; global_colors_info=&#8221;{}&#8221; custom_padding__hover=&#8221;|||&#8221;][et_pb_image src=&#8221;https:\/\/wiltell.ch\/wp-content\/uploads\/2020\/07\/preview_WT-1-211.jpg&#8221; alt=&#8221;Preview model WT-1-211&#8243; title_text=&#8221;preview_WT-1-211&#8243; _builder_version=&#8221;4.16&#8243; _module_preset=&#8221;default&#8221; max_height=&#8221;215px&#8221; global_colors_info=&#8221;{}&#8221;][\/et_pb_image][\/et_pb_column][et_pb_column type=&#8221;2_3&#8243; _builder_version=&#8221;4.16&#8243; custom_padding=&#8221;|||&#8221; global_colors_info=&#8221;{}&#8221; custom_padding__hover=&#8221;|||&#8221;][et_pb_text _builder_version=&#8221;4.16&#8243; _module_preset=&#8221;default&#8221; link_option_url_new_window=&#8221;on&#8221; global_colors_info=&#8221;{}&#8221;]<\/p>\n<p>18 D\u00c9CEMBRE 2019<\/p>\n<h5><strong>Tempus Fugit<\/strong><\/h5>\n<p>Article paru sur le site Tempus Fugit<\/p>\n<p><span style=\"color: #ff0000;\">En savoir plus<\/span><\/p>\n<p>[\/et_pb_text][\/et_pb_column][\/et_pb_row][et_pb_row column_structure=&#8221;1_3,2_3&#8243; _builder_version=&#8221;4.16&#8243; background_size=&#8221;initial&#8221; background_position=&#8221;top_left&#8221; background_repeat=&#8221;repeat&#8221; width=&#8221;82.9%&#8221; module_alignment=&#8221;center&#8221; min_height=&#8221;201px&#8221; custom_margin=&#8221;|203px||203px||true&#8221; custom_padding=&#8221;|0px||7px||&#8221; link_option_url=&#8221;https:\/\/wiltell.ch\/wp-content\/uploads\/2020\/07\/LOROLOGIO.jpg&#8221; link_option_url_new_window=&#8221;on&#8221; global_colors_info=&#8221;{}&#8221;][et_pb_column type=&#8221;1_3&#8243; _builder_version=&#8221;4.16&#8243; custom_padding=&#8221;|||&#8221; global_colors_info=&#8221;{}&#8221; custom_padding__hover=&#8221;|||&#8221;][et_pb_image src=&#8221;https:\/\/wiltell.ch\/wp-content\/uploads\/2020\/07\/preview_LOROLOGIO.jpg&#8221; alt=&#8221;Preview magazin L&#8217;Orologio&#8221; title_text=&#8221;preview_LOROLOGIO&#8221; _builder_version=&#8221;4.16&#8243; _module_preset=&#8221;default&#8221; max_height=&#8221;215px&#8221; global_colors_info=&#8221;{}&#8221;][\/et_pb_image][\/et_pb_column][et_pb_column type=&#8221;2_3&#8243; _builder_version=&#8221;4.16&#8243; custom_padding=&#8221;|||&#8221; global_colors_info=&#8221;{}&#8221; custom_padding__hover=&#8221;|||&#8221;][et_pb_text _builder_version=&#8221;4.16&#8243; _module_preset=&#8221;default&#8221; link_option_url_new_window=&#8221;on&#8221; global_colors_info=&#8221;{}&#8221;]<\/p>\n<p>AVRIL 2019<\/p>\n<h5 class=\"page-h1\">Originalit\u00e0 e autenticit\u00e0<\/h5>\n<p>Article paru dans le magazine L&#8217;Orologio.<\/p>\n<p><span style=\"color: #ff0000;\">En savoir plus<\/span><\/p>\n<p>[\/et_pb_text][\/et_pb_column][\/et_pb_row][et_pb_row column_structure=&#8221;1_3,2_3&#8243; _builder_version=&#8221;4.16&#8243; background_size=&#8221;initial&#8221; background_position=&#8221;top_left&#8221; background_repeat=&#8221;repeat&#8221; width=&#8221;82.9%&#8221; module_alignment=&#8221;center&#8221; min_height=&#8221;201px&#8221; custom_margin=&#8221;|203px||203px||true&#8221; custom_padding=&#8221;|0px||7px||&#8221; link_option_url=&#8221;http:\/\/www.canalalpha.ch\/emissions\/avecletemps\/avec-le-temps-lesprit-de-guillaume-tell-dans-une-montre\/&#8221; link_option_url_new_window=&#8221;on&#8221; global_colors_info=&#8221;{}&#8221;][et_pb_column type=&#8221;1_3&#8243; _builder_version=&#8221;4.16&#8243; custom_padding=&#8221;|||&#8221; global_colors_info=&#8221;{}&#8221; custom_padding__hover=&#8221;|||&#8221;][et_pb_image src=&#8221;https:\/\/wiltell.ch\/wp-content\/uploads\/2020\/07\/preview_canalalpha.jpg&#8221; alt=&#8221;Preview Canal Alpha&#8221; title_text=&#8221;preview_canalalpha&#8221; _builder_version=&#8221;4.16&#8243; _module_preset=&#8221;default&#8221; global_colors_info=&#8221;{}&#8221;][\/et_pb_image][\/et_pb_column][et_pb_column type=&#8221;2_3&#8243; _builder_version=&#8221;4.16&#8243; custom_padding=&#8221;|||&#8221; global_colors_info=&#8221;{}&#8221; custom_padding__hover=&#8221;|||&#8221;][et_pb_text _builder_version=&#8221;4.16&#8243; _module_preset=&#8221;default&#8221; link_option_url_new_window=&#8221;on&#8221; global_colors_info=&#8221;{}&#8221;]<\/p>\n<p>12 MARS 2018<\/p>\n<h5 class=\"page-h1\">L\u2019esprit de Guillaume Tell dans une montre<\/h5>\n<p>Reportage diffus\u00e9 sur Canal Alpha dans l&#8217;\u00e9mission &#8220;Avec le temps\u2026&#8221;<\/p>\n<p><span style=\"color: #ff0000;\">En savoir plus<\/span><\/p>\n<p>[\/et_pb_text][\/et_pb_column][\/et_pb_row][et_pb_row column_structure=&#8221;1_3,2_3&#8243; _builder_version=&#8221;4.16&#8243; background_size=&#8221;initial&#8221; background_position=&#8221;top_left&#8221; background_repeat=&#8221;repeat&#8221; width=&#8221;82.9%&#8221; module_alignment=&#8221;center&#8221; min_height=&#8221;201px&#8221; custom_margin=&#8221;|203px||203px||true&#8221; custom_padding=&#8221;|0px||7px||&#8221; link_option_url=&#8221;https:\/\/www.swisslabel.ch\/fr\/membres\/membres-de-a-z-15?char=w&#8221; link_option_url_new_window=&#8221;on&#8221; global_colors_info=&#8221;{}&#8221;][et_pb_column type=&#8221;1_3&#8243; _builder_version=&#8221;4.16&#8243; custom_padding=&#8221;|||&#8221; global_colors_info=&#8221;{}&#8221; custom_padding__hover=&#8221;|||&#8221;][et_pb_image src=&#8221;https:\/\/wiltell.ch\/wp-content\/uploads\/2020\/07\/preview_CERTIFICAT-SL-144.jpg&#8221; alt=&#8221;Preview Certificat Swiss&#8221; title_text=&#8221;preview_CERTIFICAT-SL-144&#8243; _builder_version=&#8221;4.16&#8243; _module_preset=&#8221;default&#8221; max_height=&#8221;215px&#8221; global_colors_info=&#8221;{}&#8221;][\/et_pb_image][\/et_pb_column][et_pb_column type=&#8221;2_3&#8243; _builder_version=&#8221;4.16&#8243; custom_padding=&#8221;|||&#8221; global_colors_info=&#8221;{}&#8221; custom_padding__hover=&#8221;|||&#8221;][et_pb_text _builder_version=&#8221;4.16&#8243; _module_preset=&#8221;default&#8221; link_option_url_new_window=&#8221;on&#8221; global_colors_info=&#8221;{}&#8221;]<\/p>\n<p>F\u00e9vrier 2018<\/p>\n<h5 class=\"page-h1\">Certificat SWISS LABEL<\/h5>\n<p>Wiltell est membre de SWISS LABEL depuis 2018.<\/p>\n<p><span style=\"color: #ff0000;\">En savoir plus<\/span><\/p>\n<p>[\/et_pb_text][\/et_pb_column][\/et_pb_row][et_pb_row column_structure=&#8221;1_3,2_3&#8243; _builder_version=&#8221;4.16&#8243; background_size=&#8221;initial&#8221; background_position=&#8221;top_left&#8221; background_repeat=&#8221;repeat&#8221; width=&#8221;82.9%&#8221; module_alignment=&#8221;center&#8221; min_height=&#8221;201px&#8221; custom_margin=&#8221;|203px||203px||true&#8221; custom_padding=&#8221;|0px||7px||&#8221; link_option_url=&#8221;https:\/\/wiltell.ch\/wp-content\/uploads\/2017\/10\/GREGORY-PONS.pdf&#8221; link_option_url_new_window=&#8221;on&#8221; global_colors_info=&#8221;{}&#8221;][et_pb_column type=&#8221;1_3&#8243; _builder_version=&#8221;4.16&#8243; custom_padding=&#8221;|||&#8221; global_colors_info=&#8221;{}&#8221; custom_padding__hover=&#8221;|||&#8221;][et_pb_image src=&#8221;https:\/\/wiltell.ch\/wp-content\/uploads\/2020\/07\/preview_Enlight71.jpg&#8221; title_text=&#8221;preview_Enlight71&#8243; _builder_version=&#8221;4.16&#8243; _module_preset=&#8221;default&#8221; max_height=&#8221;215px&#8221; global_colors_info=&#8221;{}&#8221;][\/et_pb_image][\/et_pb_column][et_pb_column type=&#8221;2_3&#8243; _builder_version=&#8221;4.16&#8243; custom_padding=&#8221;|||&#8221; global_colors_info=&#8221;{}&#8221; custom_padding__hover=&#8221;|||&#8221;][et_pb_text _builder_version=&#8221;4.16&#8243; _module_preset=&#8221;default&#8221; link_option_url_new_window=&#8221;on&#8221; global_colors_info=&#8221;{}&#8221;]<\/p>\n<p>1 SEPTEMBRE 2017<\/p>\n<h5>La qu\u00eate d\u02bcune nouvelle authenticit\u00e9 horlog\u00e8re\u2026<\/h5>\n<p>Article r\u00e9dig\u00e9 par\u00a0Gregory Pons<\/p>\n<p><span style=\"color: #ff0000;\">En savoir plus<\/span><\/p>\n<p>[\/et_pb_text][\/et_pb_column][\/et_pb_row][et_pb_row column_structure=&#8221;1_3,2_3&#8243; _builder_version=&#8221;4.16&#8243; background_size=&#8221;initial&#8221; background_position=&#8221;top_left&#8221; background_repeat=&#8221;repeat&#8221; width=&#8221;82.9%&#8221; module_alignment=&#8221;center&#8221; min_height=&#8221;201px&#8221; custom_margin=&#8221;|203px||203px||true&#8221; custom_padding=&#8221;|0px||7px||&#8221; link_option_url=&#8221;https:\/\/wiltell.ch\/wp-content\/uploads\/2017\/08\/ARTICLE-26-08-2017-ARCINFO.pdf&#8221; link_option_url_new_window=&#8221;on&#8221; global_colors_info=&#8221;{}&#8221;][et_pb_column type=&#8221;1_3&#8243; _builder_version=&#8221;4.16&#8243; custom_padding=&#8221;|||&#8221; global_colors_info=&#8221;{}&#8221; custom_padding__hover=&#8221;|||&#8221;][et_pb_image src=&#8221;https:\/\/wiltell.ch\/wp-content\/uploads\/2020\/07\/preview_serie.jpg&#8221; alt=&#8221;Preview serie 1&#8243; title_text=&#8221;preview_serie&#8221; _builder_version=&#8221;4.16&#8243; _module_preset=&#8221;default&#8221; global_colors_info=&#8221;{}&#8221;][\/et_pb_image][\/et_pb_column][et_pb_column type=&#8221;2_3&#8243; _builder_version=&#8221;4.16&#8243; custom_padding=&#8221;|||&#8221; global_colors_info=&#8221;{}&#8221; custom_padding__hover=&#8221;|||&#8221;][et_pb_text _builder_version=&#8221;4.16&#8243; _module_preset=&#8221;default&#8221; link_option_url_new_window=&#8221;on&#8221; global_colors_info=&#8221;{}&#8221;]<\/p>\n<p>26 AO\u00dbT 2017<\/p>\n<h5><strong>Une m\u00e9canique taill\u00e9e pour les fabricants de l&#8217;arc jurassien<\/strong><\/h5>\n<p>Article paru dans le journal l&#8217;Express<\/p>\n<p><span style=\"color: #ff0000;\">En savoir plus<\/span><\/p>\n<p>[\/et_pb_text][\/et_pb_column][\/et_pb_row][\/et_pb_section]<\/p>\n","protected":false},"excerpt":{"rendered":"<p>NEWSPAPER6 NOVEMBRE 2020 BULCOM Wiltell S\u00e0rl horlogerie Article paru dans le Bulletin des Communes du district de Neuch\u00e2tel En savoir plusD\u00c9CEMBRE 2019 Europa Star &#8211;\u00a0WilTell WT-1-221 Article paru sur le site Europa Star En savoir plus18 D\u00c9CEMBRE 2019 Tempus Fugit Article paru sur le site Tempus Fugit En savoir plusAVRIL 2019 Originalit\u00e0 e autenticit\u00e0 Article [&hellip;]<\/p>\n","protected":false},"author":1,"featured_media":0,"parent":0,"menu_order":0,"comment_status":"closed","ping_status":"closed","template":"","meta":{"_et_pb_use_builder":"on","_et_pb_old_content":"","_et_gb_content_width":"","footnotes":""},"class_list":["post-3661","page","type-page","status-publish","hentry"],"yoast_head":"<!-- This site is optimized with the Yoast SEO plugin v27.4 - https:\/\/yoast.com\/product\/yoast-seo-wordpress\/ -->\n<title>THE NEWS - La Montre WilTell<\/title>\n<meta name=\"description\" content=\"Retrouvez ici les derni\u00e8res actualit\u00e9s des montres automatiques WilTell, 100% produite en Suisse, de qualit\u00e9 \u00e0 prix abordable.\" \/>\n<meta name=\"robots\" content=\"index, follow, max-snippet:-1, max-image-preview:large, max-video-preview:-1\" \/>\n<link rel=\"canonical\" href=\"https:\/\/wiltell.ch\/en\/the-news\/\" \/>\n<meta property=\"og:locale\" content=\"en_US\" \/>\n<meta property=\"og:type\" content=\"article\" \/>\n<meta property=\"og:title\" content=\"THE NEWS - La Montre WilTell\" \/>\n<meta property=\"og:description\" content=\"Retrouvez ici les derni\u00e8res actualit\u00e9s des montres automatiques WilTell, 100% produite en Suisse, de qualit\u00e9 \u00e0 prix abordable.\" \/>\n<meta property=\"og:url\" content=\"https:\/\/wiltell.ch\/en\/the-news\/\" \/>\n<meta property=\"og:site_name\" content=\"La Montre WilTell\" \/>\n<meta property=\"article:publisher\" content=\"https:\/\/www.facebook.com\/lamontresuisse\/\" \/>\n<meta property=\"article:modified_time\" content=\"2023-03-06T09:20:42+00:00\" \/>\n<meta property=\"og:image\" content=\"https:\/\/wiltell.ch\/wp-content\/uploads\/2018\/02\/598828AC-F638-45C3-B159-93CBDB7D13E0.jpeg\" \/>\n\t<meta property=\"og:image:width\" content=\"2016\" \/>\n\t<meta property=\"og:image:height\" content=\"1512\" \/>\n\t<meta property=\"og:image:type\" content=\"image\/jpeg\" \/>\n<meta name=\"twitter:card\" content=\"summary_large_image\" \/>\n<meta name=\"twitter:site\" content=\"@EddyBurgener\" \/>\n<meta name=\"twitter:label1\" content=\"Est. reading time\" \/>\n\t<meta name=\"twitter:data1\" content=\"7 minutes\" \/>\n<script type=\"application\/ld+json\" class=\"yoast-schema-graph\">{\"@context\":\"https:\\\/\\\/schema.org\",\"@graph\":[{\"@type\":\"WebPage\",\"@id\":\"https:\\\/\\\/wiltell.ch\\\/en\\\/the-news\\\/\",\"url\":\"https:\\\/\\\/wiltell.ch\\\/en\\\/the-news\\\/\",\"name\":\"THE NEWS - La Montre WilTell\",\"isPartOf\":{\"@id\":\"https:\\\/\\\/wiltell.ch\\\/en\\\/#website\"},\"datePublished\":\"2017-07-13T09:27:27+00:00\",\"dateModified\":\"2023-03-06T09:20:42+00:00\",\"description\":\"Retrouvez ici les derni\u00e8res actualit\u00e9s des montres automatiques WilTell, 100% produite en Suisse, de qualit\u00e9 \u00e0 prix abordable.\",\"breadcrumb\":{\"@id\":\"https:\\\/\\\/wiltell.ch\\\/en\\\/the-news\\\/#breadcrumb\"},\"inLanguage\":\"en-US\",\"potentialAction\":[{\"@type\":\"ReadAction\",\"target\":[\"https:\\\/\\\/wiltell.ch\\\/en\\\/the-news\\\/\"]}]},{\"@type\":\"BreadcrumbList\",\"@id\":\"https:\\\/\\\/wiltell.ch\\\/en\\\/the-news\\\/#breadcrumb\",\"itemListElement\":[{\"@type\":\"ListItem\",\"position\":1,\"name\":\"Accueil\",\"item\":\"https:\\\/\\\/wiltell.ch\\\/en\\\/\"},{\"@type\":\"ListItem\",\"position\":2,\"name\":\"THE NEWS\"}]},{\"@type\":\"WebSite\",\"@id\":\"https:\\\/\\\/wiltell.ch\\\/en\\\/#website\",\"url\":\"https:\\\/\\\/wiltell.ch\\\/en\\\/\",\"name\":\"La Montre WilTell\",\"description\":\"100% produite en Suisse et \u00e9co-responsable\",\"publisher\":{\"@id\":\"https:\\\/\\\/wiltell.ch\\\/en\\\/#organization\"},\"potentialAction\":[{\"@type\":\"SearchAction\",\"target\":{\"@type\":\"EntryPoint\",\"urlTemplate\":\"https:\\\/\\\/wiltell.ch\\\/en\\\/?s={search_term_string}\"},\"query-input\":{\"@type\":\"PropertyValueSpecification\",\"valueRequired\":true,\"valueName\":\"search_term_string\"}}],\"inLanguage\":\"en-US\"},{\"@type\":\"Organization\",\"@id\":\"https:\\\/\\\/wiltell.ch\\\/en\\\/#organization\",\"name\":\"WilTell S\u00e0rl\",\"url\":\"https:\\\/\\\/wiltell.ch\\\/en\\\/\",\"logo\":{\"@type\":\"ImageObject\",\"inLanguage\":\"en-US\",\"@id\":\"https:\\\/\\\/wiltell.ch\\\/en\\\/#\\\/schema\\\/logo\\\/image\\\/\",\"url\":\"https:\\\/\\\/i0.wp.com\\\/wiltell.ch\\\/wp-content\\\/uploads\\\/2017\\\/12\\\/WILTELL-LOGO-2-1.jpg?fit=397%2C397&ssl=1\",\"contentUrl\":\"https:\\\/\\\/i0.wp.com\\\/wiltell.ch\\\/wp-content\\\/uploads\\\/2017\\\/12\\\/WILTELL-LOGO-2-1.jpg?fit=397%2C397&ssl=1\",\"width\":397,\"height\":397,\"caption\":\"WilTell S\u00e0rl\"},\"image\":{\"@id\":\"https:\\\/\\\/wiltell.ch\\\/en\\\/#\\\/schema\\\/logo\\\/image\\\/\"},\"sameAs\":[\"https:\\\/\\\/www.facebook.com\\\/lamontresuisse\\\/\",\"https:\\\/\\\/x.com\\\/EddyBurgener\",\"http:\\\/\\\/wiltellwatch\",\"http:\\\/\\\/linkedin.com\\\/in\\\/eddy-burgener-00b90269\",\"https:\\\/\\\/www.youtube.com\\\/channel\\\/UCIc9daFBAg8dxVERsIQl5eA\"]}]}<\/script>\n<!-- \/ Yoast SEO plugin. -->","yoast_head_json":{"title":"THE NEWS - La Montre WilTell","description":"Retrouvez ici les derni\u00e8res actualit\u00e9s des montres automatiques WilTell, 100% produite en Suisse, de qualit\u00e9 \u00e0 prix abordable.","robots":{"index":"index","follow":"follow","max-snippet":"max-snippet:-1","max-image-preview":"max-image-preview:large","max-video-preview":"max-video-preview:-1"},"canonical":"https:\/\/wiltell.ch\/en\/the-news\/","og_locale":"en_US","og_type":"article","og_title":"THE NEWS - La Montre WilTell","og_description":"Retrouvez ici les derni\u00e8res actualit\u00e9s des montres automatiques WilTell, 100% produite en Suisse, de qualit\u00e9 \u00e0 prix abordable.","og_url":"https:\/\/wiltell.ch\/en\/the-news\/","og_site_name":"La Montre WilTell","article_publisher":"https:\/\/www.facebook.com\/lamontresuisse\/","article_modified_time":"2023-03-06T09:20:42+00:00","og_image":[{"width":2016,"height":1512,"url":"https:\/\/wiltell.ch\/wp-content\/uploads\/2018\/02\/598828AC-F638-45C3-B159-93CBDB7D13E0.jpeg","type":"image\/jpeg"}],"twitter_card":"summary_large_image","twitter_site":"@EddyBurgener","twitter_misc":{"Est. reading time":"7 minutes"},"schema":{"@context":"https:\/\/schema.org","@graph":[{"@type":"WebPage","@id":"https:\/\/wiltell.ch\/en\/the-news\/","url":"https:\/\/wiltell.ch\/en\/the-news\/","name":"THE NEWS - La Montre WilTell","isPartOf":{"@id":"https:\/\/wiltell.ch\/en\/#website"},"datePublished":"2017-07-13T09:27:27+00:00","dateModified":"2023-03-06T09:20:42+00:00","description":"Retrouvez ici les derni\u00e8res actualit\u00e9s des montres automatiques WilTell, 100% produite en Suisse, de qualit\u00e9 \u00e0 prix abordable.","breadcrumb":{"@id":"https:\/\/wiltell.ch\/en\/the-news\/#breadcrumb"},"inLanguage":"en-US","potentialAction":[{"@type":"ReadAction","target":["https:\/\/wiltell.ch\/en\/the-news\/"]}]},{"@type":"BreadcrumbList","@id":"https:\/\/wiltell.ch\/en\/the-news\/#breadcrumb","itemListElement":[{"@type":"ListItem","position":1,"name":"Accueil","item":"https:\/\/wiltell.ch\/en\/"},{"@type":"ListItem","position":2,"name":"THE NEWS"}]},{"@type":"WebSite","@id":"https:\/\/wiltell.ch\/en\/#website","url":"https:\/\/wiltell.ch\/en\/","name":"La Montre WilTell","description":"100% produite en Suisse et \u00e9co-responsable","publisher":{"@id":"https:\/\/wiltell.ch\/en\/#organization"},"potentialAction":[{"@type":"SearchAction","target":{"@type":"EntryPoint","urlTemplate":"https:\/\/wiltell.ch\/en\/?s={search_term_string}"},"query-input":{"@type":"PropertyValueSpecification","valueRequired":true,"valueName":"search_term_string"}}],"inLanguage":"en-US"},{"@type":"Organization","@id":"https:\/\/wiltell.ch\/en\/#organization","name":"WilTell S\u00e0rl","url":"https:\/\/wiltell.ch\/en\/","logo":{"@type":"ImageObject","inLanguage":"en-US","@id":"https:\/\/wiltell.ch\/en\/#\/schema\/logo\/image\/","url":"https:\/\/i0.wp.com\/wiltell.ch\/wp-content\/uploads\/2017\/12\/WILTELL-LOGO-2-1.jpg?fit=397%2C397&ssl=1","contentUrl":"https:\/\/i0.wp.com\/wiltell.ch\/wp-content\/uploads\/2017\/12\/WILTELL-LOGO-2-1.jpg?fit=397%2C397&ssl=1","width":397,"height":397,"caption":"WilTell S\u00e0rl"},"image":{"@id":"https:\/\/wiltell.ch\/en\/#\/schema\/logo\/image\/"},"sameAs":["https:\/\/www.facebook.com\/lamontresuisse\/","https:\/\/x.com\/EddyBurgener","http:\/\/wiltellwatch","http:\/\/linkedin.com\/in\/eddy-burgener-00b90269","https:\/\/www.youtube.com\/channel\/UCIc9daFBAg8dxVERsIQl5eA"]}]}},"_links":{"self":[{"href":"https:\/\/wiltell.ch\/en\/wp-json\/wp\/v2\/pages\/3661","targetHints":{"allow":["GET"]}}],"collection":[{"href":"https:\/\/wiltell.ch\/en\/wp-json\/wp\/v2\/pages"}],"about":[{"href":"https:\/\/wiltell.ch\/en\/wp-json\/wp\/v2\/types\/page"}],"author":[{"embeddable":true,"href":"https:\/\/wiltell.ch\/en\/wp-json\/wp\/v2\/users\/1"}],"replies":[{"embeddable":true,"href":"https:\/\/wiltell.ch\/en\/wp-json\/wp\/v2\/comments?post=3661"}],"version-history":[{"count":5,"href":"https:\/\/wiltell.ch\/en\/wp-json\/wp\/v2\/pages\/3661\/revisions"}],"predecessor-version":[{"id":4245,"href":"https:\/\/wiltell.ch\/en\/wp-json\/wp\/v2\/pages\/3661\/revisions\/4245"}],"wp:attachment":[{"href":"https:\/\/wiltell.ch\/en\/wp-json\/wp\/v2\/media?parent=3661"}],"curies":[{"name":"wp","href":"https:\/\/api.w.org\/{rel}","templated":true}]}}